{"id":23914,"date":"2022-11-08T10:20:45","date_gmt":"2022-11-08T09:20:45","guid":{"rendered":"https:\/\/www.towfigh.net\/de\/?post_type=teams&#038;p=23914"},"modified":"2023-01-17T09:13:24","modified_gmt":"2023-01-17T08:13:24","slug":"britt-brueggen","status":"publish","type":"member","link":"https:\/\/www.towfigh.net\/de\/teams\/ehemalige\/britt-brueggen","title":{"rendered":"Britt Br\u00fcggen"},"content":{"rendered":"<p>Britt Br\u00fcggen hat Rechts- und Wirtschaftswissenschaften an der EBS Universit\u00e4t f\u00fcr Wirtschaft und Recht in Wiesbaden studiert und war von Mai 2018 bis Dezember 2022 als studentische Mitarbeiterin am Lehrstuhl von Prof. Dr. Emanuel V. Towfigh t\u00e4tig.<\/p>\n<p>Gemeinsam mit Professor Towfigh ver\u00f6ffentlichte sie den Beitrag <a href=\"https:\/\/www.towfigh.net\/de\/forschung\/allgemeines-persoenlichkeitsrecht-2-0-braucht-das-apr-im-digitalen-zeitalter-ein-update.html\">\u00bbAllgemeines Pers\u00f6nlichkeitsrecht 2.0: Braucht das APR im digitalen Zeitalter ein Update?\u00ab<\/a> in ZJS 2021 (Heft 4), S. 436-443 (open access).<\/p>\n","protected":false},"featured_media":21078,"template":"","group":[401],"class_list":["post-23914","member","type-member","status-publish","has-post-thumbnail","hentry","not-sticky-post"],"acf":[],"jetpack_sharing_enabled":true,"_links":{"self":[{"href":"https:\/\/www.towfigh.net\/de\/wp-json\/wp\/v2\/member\/23914","targetHints":{"allow":["GET"]}}],"collection":[{"href":"https:\/\/www.towfigh.net\/de\/wp-json\/wp\/v2\/member"}],"about":[{"href":"https:\/\/www.towfigh.net\/de\/wp-json\/wp\/v2\/types\/member"}],"wp:featuredmedia":[{"embeddable":true,"href":"https:\/\/www.towfigh.net\/de\/wp-json\/wp\/v2\/media\/21078"}],"wp:attachment":[{"href":"https:\/\/www.towfigh.net\/de\/wp-json\/wp\/v2\/media?parent=23914"}],"wp:term":[{"taxonomy":"group","embeddable":true,"href":"https:\/\/www.towfigh.net\/de\/wp-json\/wp\/v2\/group?post=23914"}],"curies":[{"name":"wp","href":"https:\/\/api.w.org\/{rel}","templated":true}]}}